{"id":2157,"date":"2025-06-17T20:45:11","date_gmt":"2025-06-17T18:45:11","guid":{"rendered":"https:\/\/cs-embe.ro\/nr-7-1-2024\/conferinta-internationala-anuala-a-asociatiei-pentru-cultura-banateana\/"},"modified":"2025-07-08T17:59:54","modified_gmt":"2025-07-08T15:59:54","slug":"conferinta-internationala-anuala-a-asociatiei-pentru-cultura-banateana","status":"publish","type":"page","link":"https:\/\/cs-embe.ro\/en\/nr-7-1-2024\/conferinta-internationala-anuala-a-asociatiei-pentru-cultura-banateana\/","title":{"rendered":"The annual international conference of the Associaton for Banat Culture"},"content":{"rendered":"<p>[et_pb_section fb_built=&#8221;1&#8243; _builder_version=&#8221;4.21.0&#8243; _module_preset=&#8221;default&#8221; background_enable_color=&#8221;off&#8221; background_image=&#8221;http:\/\/cs-embe.ro\/wp-content\/uploads\/2023\/03\/paper.jpg&#8221; custom_padding=&#8221;||0px||false|false&#8221; animation_style=&#8221;fade&#8221; global_colors_info=&#8221;{}&#8221;][et_pb_row column_structure=&#8221;2_3,1_3&#8243; _builder_version=&#8221;4.27.4&#8243; _module_preset=&#8221;default&#8221; custom_padding=&#8221;||80px||false|false&#8221; global_colors_info=&#8221;{}&#8221;][et_pb_column type=&#8221;2_3&#8243; _builder_version=&#8221;4.21.0&#8243; _module_preset=&#8221;default&#8221; global_colors_info=&#8221;{}&#8221;][et_pb_text _builder_version=&#8221;4.27.4&#8243; _module_preset=&#8221;default&#8221; global_colors_info=&#8221;{}&#8221;]<\/p>\n<p><strong>Maria Enescu<\/strong><strong>:<\/strong> Conferin\u021ba interna\u021bional\u0103 anual\u0103 a Asocia\u021biei pentru Cultur\u0103 B\u0103n\u0103\u021bean\u0103<\/p>\n<p>[\/et_pb_text][et_pb_text _builder_version=&#8221;4.27.4&#8243; _module_preset=&#8221;default&#8221; global_colors_info=&#8221;{}&#8221;]<\/p>\n<p><strong>DOI: 10.63702\/csembe.2024.1.7.227<\/strong><\/p>\n<p>[\/et_pb_text][et_pb_text _builder_version=&#8221;4.27.4&#8243; _module_preset=&#8221;default&#8221; global_colors_info=&#8221;{}&#8221;]<\/p>\n<p><strong>Keywords: <\/strong>Association for Banat Culture; Academic Society for the Preservation of \u201cGusle\u201d Music; Kikinda;<strong><br \/><\/strong><\/p>\n<p>[\/et_pb_text][et_pb_text _builder_version=&#8221;4.27.4&#8243; _module_preset=&#8221;default&#8221; global_colors_info=&#8221;{}&#8221;]<\/p>\n<p><strong>Abstract:<br \/><\/strong><\/p>\n<p>Through the scientific and cultural partnership concluded in 2022, with the Academic Society for the Preservation of \u201cGusle\u201d Music (Akademsko dru\u0161tvo za negovanje muzike \u201cGusle\u201d Kikinda), the Association for Banat Culture organized for two days in Kikinda, the most important annual ethnomusicology conference in Romania and the Balkans. In a space of cultural and historical excellence, the official opening took place in the festive hall \u2013 Kurija of the National Museum of Kikinda.<\/p>\n<p>[\/et_pb_text][\/et_pb_column][et_pb_column type=&#8221;1_3&#8243; _builder_version=&#8221;4.27.4&#8243; _module_preset=&#8221;default&#8221; background_color=&#8221;#FFFFFF&#8221; custom_padding=&#8221;16px|16px|16px|16px|false|false&#8221; border_radii=&#8221;on|8px|8px|8px|8px&#8221; global_colors_info=&#8221;{}&#8221;][et_pb_button button_url=&#8221;https:\/\/cs-embe.ro\/wp-content\/uploads\/2025\/06\/7_19-Enescu.pdf&#8221; button_text=&#8221;Articol PDF&#8221; _builder_version=&#8221;4.27.4&#8243; _module_preset=&#8221;default&#8221; global_colors_info=&#8221;{}&#8221;][\/et_pb_button][et_pb_text _builder_version=&#8221;4.27.4&#8243; _module_preset=&#8221;default&#8221; global_colors_info=&#8221;{}&#8221;]<\/p>\n<p><strong>Published:<br \/><\/strong>15.07.2024<strong><\/strong><\/p>\n<p>[\/et_pb_text][et_pb_text _builder_version=&#8221;4.27.4&#8243; _module_preset=&#8221;default&#8221; custom_margin=&#8221;||8px||false|false&#8221; custom_padding=&#8221;||||false|false&#8221; global_colors_info=&#8221;{}&#8221;]<\/p>\n<p><strong>License:<\/strong><strong><\/strong><\/p>\n<p>[\/et_pb_text][et_pb_image src=&#8221;https:\/\/cs-embe.ro\/wp-content\/uploads\/2025\/04\/CC_logomark2.svg&#8221; title_text=&#8221;CC_logomark2&#8243; _builder_version=&#8221;4.27.4&#8243; _module_preset=&#8221;default&#8221; max_width=&#8221;50%&#8221; global_colors_info=&#8221;{}&#8221;][\/et_pb_image][et_pb_text _builder_version=&#8221;4.27.4&#8243; _module_preset=&#8221;default&#8221; global_colors_info=&#8221;{}&#8221;]<\/p>\n<p>This work is licensed under a <a href=\"https:\/\/creativecommons.org\/licenses\/by\/4.0\/\" target=\"_blank\" rel=\"noopener\"><span style=\"text-decoration: underline;\">Creative Commons Attribution 4.0 International License.<\/span><\/a><\/p>\n<p>[\/et_pb_text][et_pb_text _builder_version=&#8221;4.27.4&#8243; _module_preset=&#8221;default&#8221; global_colors_info=&#8221;{}&#8221;]<\/p>\n<p>This work is licensed under a <span style=\"text-decoration: underline;\"><a href=\"http:\/\/creativecommons.org\/licenses\/by\/4.0\/\" target=\"_blank\" rel=\"noopener\">CC BY Creative Commons Attribution 4.0 International License<\/a><\/span>, which permits any use, reproduction, distribution, self-archiving and citation of the work as long as the authors are credited. The complete bibliographical data of <em>Symbolon<\/em> Journal must also be indicated, which you can find in the <em>How to cite<\/em> section on this page. If possible, please also place a link leading to the original publication. Copyright of articles belongs to the authors.<\/p>\n<p>[\/et_pb_text][\/et_pb_column][\/et_pb_row][\/et_pb_section]<\/p>\n","protected":false},"excerpt":{"rendered":"<p>Maria Enescu: Conferin\u021ba interna\u021bional\u0103 anual\u0103 a Asocia\u021biei pentru Cultur\u0103 B\u0103n\u0103\u021bean\u0103DOI: 10.63702\/csembe.2024.1.7.227Keywords: Association for Banat Culture; Academic Society for the Preservation of \u201cGusle\u201d Music; Kikinda;Abstract: Through the scientific and cultural partnership concluded in 2022, with the Academic Society for the Preservation of \u201cGusle\u201d Music (Akademsko dru\u0161tvo za negovanje muzike \u201cGusle\u201d Kikinda), the Association for Banat Culture [&hellip;]<\/p>\n","protected":false},"author":1,"featured_media":0,"parent":1501,"menu_order":0,"comment_status":"closed","ping_status":"closed","template":"","meta":{"_et_pb_use_builder":"on","_et_pb_old_content":"","_et_gb_content_width":"","footnotes":""},"class_list":["post-2157","page","type-page","status-publish","hentry"],"yoast_head":"<!-- This site is optimized with the Yoast SEO plugin v26.8 - https:\/\/yoast.com\/product\/yoast-seo-wordpress\/ -->\n<title>The annual international conference of the Associaton for Banat Culture | Cercet\u0103ri \u0219i studii<\/title>\n<meta name=\"robots\" content=\"index, follow, max-snippet:-1, max-image-preview:large, max-video-preview:-1\" \/>\n<link rel=\"canonical\" href=\"https:\/\/cs-embe.ro\/en\/nr-7-1-2024\/conferinta-internationala-anuala-a-asociatiei-pentru-cultura-banateana\/\" \/>\n<meta property=\"og:locale\" content=\"en_US\" \/>\n<meta property=\"og:type\" content=\"article\" \/>\n<meta property=\"og:title\" content=\"The annual international conference of the Associaton for Banat Culture | Cercet\u0103ri \u0219i studii\" \/>\n<meta property=\"og:url\" content=\"https:\/\/cs-embe.ro\/en\/nr-7-1-2024\/conferinta-internationala-anuala-a-asociatiei-pentru-cultura-banateana\/\" \/>\n<meta property=\"og:site_name\" content=\"Cercet\u0103ri \u0219i studii\" \/>\n<meta property=\"article:modified_time\" content=\"2025-07-08T15:59:54+00:00\" \/>\n<meta property=\"og:image\" content=\"https:\/\/cs-embe.ro\/wp-content\/uploads\/2023\/03\/logo-acb-negru-3-limbi_var1-1.png\" \/>\n\t<meta property=\"og:image:width\" content=\"340\" \/>\n\t<meta property=\"og:image:height\" content=\"183\" \/>\n\t<meta property=\"og:image:type\" content=\"image\/png\" \/>\n<meta name=\"twitter:card\" content=\"summary_large_image\" \/>\n<script type=\"application\/ld+json\" class=\"yoast-schema-graph\">{\"@context\":\"https:\/\/schema.org\",\"@graph\":[{\"@type\":\"WebPage\",\"@id\":\"https:\/\/cs-embe.ro\/en\/nr-7-1-2024\/conferinta-internationala-anuala-a-asociatiei-pentru-cultura-banateana\/\",\"url\":\"https:\/\/cs-embe.ro\/en\/nr-7-1-2024\/conferinta-internationala-anuala-a-asociatiei-pentru-cultura-banateana\/\",\"name\":\"The annual international conference of the Associaton for Banat Culture | Cercet\u0103ri \u0219i studii\",\"isPartOf\":{\"@id\":\"https:\/\/cs-embe.ro\/#website\"},\"datePublished\":\"2025-06-17T18:45:11+00:00\",\"dateModified\":\"2025-07-08T15:59:54+00:00\",\"breadcrumb\":{\"@id\":\"https:\/\/cs-embe.ro\/en\/nr-7-1-2024\/conferinta-internationala-anuala-a-asociatiei-pentru-cultura-banateana\/#breadcrumb\"},\"inLanguage\":\"en-US\",\"potentialAction\":[{\"@type\":\"ReadAction\",\"target\":[\"https:\/\/cs-embe.ro\/en\/nr-7-1-2024\/conferinta-internationala-anuala-a-asociatiei-pentru-cultura-banateana\/\"]}]},{\"@type\":\"BreadcrumbList\",\"@id\":\"https:\/\/cs-embe.ro\/en\/nr-7-1-2024\/conferinta-internationala-anuala-a-asociatiei-pentru-cultura-banateana\/#breadcrumb\",\"itemListElement\":[{\"@type\":\"ListItem\",\"position\":1,\"name\":\"Home\",\"item\":\"https:\/\/cs-embe.ro\/en\/\"},{\"@type\":\"ListItem\",\"position\":2,\"name\":\"Vol. 5, No. 7 \/ 2024\",\"item\":\"https:\/\/cs-embe.ro\/en\/nr-7-1-2024\/\"},{\"@type\":\"ListItem\",\"position\":3,\"name\":\"The annual international conference of the Associaton for Banat Culture\"}]},{\"@type\":\"WebSite\",\"@id\":\"https:\/\/cs-embe.ro\/#website\",\"url\":\"https:\/\/cs-embe.ro\/\",\"name\":\"Cercet\u0103ri \u0219i studii. Etno-muzicologie, bizantinologie \u0219i etnologie\",\"description\":\"Cercet\u0103ri \u0219i studii etno-muzicologice, bizantinologice \u0219i etnologice\",\"publisher\":{\"@id\":\"https:\/\/cs-embe.ro\/#organization\"},\"potentialAction\":[{\"@type\":\"SearchAction\",\"target\":{\"@type\":\"EntryPoint\",\"urlTemplate\":\"https:\/\/cs-embe.ro\/?s={search_term_string}\"},\"query-input\":{\"@type\":\"PropertyValueSpecification\",\"valueRequired\":true,\"valueName\":\"search_term_string\"}}],\"inLanguage\":\"en-US\"},{\"@type\":\"Organization\",\"@id\":\"https:\/\/cs-embe.ro\/#organization\",\"name\":\"Asocia\u021bia pentru Cultur\u0103 Ban\u0103\u021bean\u0103\",\"url\":\"https:\/\/cs-embe.ro\/\",\"logo\":{\"@type\":\"ImageObject\",\"inLanguage\":\"en-US\",\"@id\":\"https:\/\/cs-embe.ro\/#\/schema\/logo\/image\/\",\"url\":\"https:\/\/cs-embe.ro\/wp-content\/uploads\/2023\/03\/logo-acb-negru-3-limbi_var1-1.png\",\"contentUrl\":\"https:\/\/cs-embe.ro\/wp-content\/uploads\/2023\/03\/logo-acb-negru-3-limbi_var1-1.png\",\"width\":340,\"height\":183,\"caption\":\"Asocia\u021bia pentru Cultur\u0103 Ban\u0103\u021bean\u0103\"},\"image\":{\"@id\":\"https:\/\/cs-embe.ro\/#\/schema\/logo\/image\/\"}}]}<\/script>\n<!-- \/ Yoast SEO plugin. -->","yoast_head_json":{"title":"The annual international conference of the Associaton for Banat Culture | Cercet\u0103ri \u0219i studii","robots":{"index":"index","follow":"follow","max-snippet":"max-snippet:-1","max-image-preview":"max-image-preview:large","max-video-preview":"max-video-preview:-1"},"canonical":"https:\/\/cs-embe.ro\/en\/nr-7-1-2024\/conferinta-internationala-anuala-a-asociatiei-pentru-cultura-banateana\/","og_locale":"en_US","og_type":"article","og_title":"The annual international conference of the Associaton for Banat Culture | Cercet\u0103ri \u0219i studii","og_url":"https:\/\/cs-embe.ro\/en\/nr-7-1-2024\/conferinta-internationala-anuala-a-asociatiei-pentru-cultura-banateana\/","og_site_name":"Cercet\u0103ri \u0219i studii","article_modified_time":"2025-07-08T15:59:54+00:00","og_image":[{"width":340,"height":183,"url":"https:\/\/cs-embe.ro\/wp-content\/uploads\/2023\/03\/logo-acb-negru-3-limbi_var1-1.png","type":"image\/png"}],"twitter_card":"summary_large_image","schema":{"@context":"https:\/\/schema.org","@graph":[{"@type":"WebPage","@id":"https:\/\/cs-embe.ro\/en\/nr-7-1-2024\/conferinta-internationala-anuala-a-asociatiei-pentru-cultura-banateana\/","url":"https:\/\/cs-embe.ro\/en\/nr-7-1-2024\/conferinta-internationala-anuala-a-asociatiei-pentru-cultura-banateana\/","name":"The annual international conference of the Associaton for Banat Culture | Cercet\u0103ri \u0219i studii","isPartOf":{"@id":"https:\/\/cs-embe.ro\/#website"},"datePublished":"2025-06-17T18:45:11+00:00","dateModified":"2025-07-08T15:59:54+00:00","breadcrumb":{"@id":"https:\/\/cs-embe.ro\/en\/nr-7-1-2024\/conferinta-internationala-anuala-a-asociatiei-pentru-cultura-banateana\/#breadcrumb"},"inLanguage":"en-US","potentialAction":[{"@type":"ReadAction","target":["https:\/\/cs-embe.ro\/en\/nr-7-1-2024\/conferinta-internationala-anuala-a-asociatiei-pentru-cultura-banateana\/"]}]},{"@type":"BreadcrumbList","@id":"https:\/\/cs-embe.ro\/en\/nr-7-1-2024\/conferinta-internationala-anuala-a-asociatiei-pentru-cultura-banateana\/#breadcrumb","itemListElement":[{"@type":"ListItem","position":1,"name":"Home","item":"https:\/\/cs-embe.ro\/en\/"},{"@type":"ListItem","position":2,"name":"Vol. 5, No. 7 \/ 2024","item":"https:\/\/cs-embe.ro\/en\/nr-7-1-2024\/"},{"@type":"ListItem","position":3,"name":"The annual international conference of the Associaton for Banat Culture"}]},{"@type":"WebSite","@id":"https:\/\/cs-embe.ro\/#website","url":"https:\/\/cs-embe.ro\/","name":"Cercet\u0103ri \u0219i studii. Etno-muzicologie, bizantinologie \u0219i etnologie","description":"Cercet\u0103ri \u0219i studii etno-muzicologice, bizantinologice \u0219i etnologice","publisher":{"@id":"https:\/\/cs-embe.ro\/#organization"},"potentialAction":[{"@type":"SearchAction","target":{"@type":"EntryPoint","urlTemplate":"https:\/\/cs-embe.ro\/?s={search_term_string}"},"query-input":{"@type":"PropertyValueSpecification","valueRequired":true,"valueName":"search_term_string"}}],"inLanguage":"en-US"},{"@type":"Organization","@id":"https:\/\/cs-embe.ro\/#organization","name":"Asocia\u021bia pentru Cultur\u0103 Ban\u0103\u021bean\u0103","url":"https:\/\/cs-embe.ro\/","logo":{"@type":"ImageObject","inLanguage":"en-US","@id":"https:\/\/cs-embe.ro\/#\/schema\/logo\/image\/","url":"https:\/\/cs-embe.ro\/wp-content\/uploads\/2023\/03\/logo-acb-negru-3-limbi_var1-1.png","contentUrl":"https:\/\/cs-embe.ro\/wp-content\/uploads\/2023\/03\/logo-acb-negru-3-limbi_var1-1.png","width":340,"height":183,"caption":"Asocia\u021bia pentru Cultur\u0103 Ban\u0103\u021bean\u0103"},"image":{"@id":"https:\/\/cs-embe.ro\/#\/schema\/logo\/image\/"}}]}},"_links":{"self":[{"href":"https:\/\/cs-embe.ro\/en\/wp-json\/wp\/v2\/pages\/2157","targetHints":{"allow":["GET"]}}],"collection":[{"href":"https:\/\/cs-embe.ro\/en\/wp-json\/wp\/v2\/pages"}],"about":[{"href":"https:\/\/cs-embe.ro\/en\/wp-json\/wp\/v2\/types\/page"}],"author":[{"embeddable":true,"href":"https:\/\/cs-embe.ro\/en\/wp-json\/wp\/v2\/users\/1"}],"replies":[{"embeddable":true,"href":"https:\/\/cs-embe.ro\/en\/wp-json\/wp\/v2\/comments?post=2157"}],"version-history":[{"count":0,"href":"https:\/\/cs-embe.ro\/en\/wp-json\/wp\/v2\/pages\/2157\/revisions"}],"up":[{"embeddable":true,"href":"https:\/\/cs-embe.ro\/en\/wp-json\/wp\/v2\/pages\/1501"}],"wp:attachment":[{"href":"https:\/\/cs-embe.ro\/en\/wp-json\/wp\/v2\/media?parent=2157"}],"curies":[{"name":"wp","href":"https:\/\/api.w.org\/{rel}","templated":true}]}}